{"id":34715,"date":"2021-01-31T15:19:54","date_gmt":"2021-01-31T14:19:54","guid":{"rendered":"https:\/\/shop.letrefle.ch\/?post_type=product&#038;p=34715"},"modified":"2023-07-20T20:26:50","modified_gmt":"2023-07-20T18:26:50","slug":"les-cabas-du-trefle","status":"publish","type":"product","link":"https:\/\/shop.letrefle.ch\/en\/boutique\/cabas\/les-cabas-du-trefle\/","title":{"rendered":"Les cabas du Tr\u00e8fle (x2)"},"content":{"rendered":"","protected":false},"excerpt":{"rendered":"<p>Composition du kit :<\/p>\n<ul>\n<li>2 cabas personnalis\u00e9s<em> \u201cLe Tr\u00e8fle\u201d<\/em><\/li>\n<\/ul>\n<p><strong>\u00c0 \u00e9changer lors de la livraison hebdomadaire\u00a0:<\/strong><br \/>\nNous vous livrerons tout d&rsquo;abord votre premier cabas avec votre commande initiale.<br \/>\nLa semaine suivante, nous vous apporterons votre nouvelle commande dans le second cabas, afin de pouvoir r\u00e9cup\u00e9rer le premier !<\/p>","protected":false},"featured_media":34722,"comment_status":"open","ping_status":"closed","template":"","meta":{"_et_pb_use_builder":"","_et_pb_old_content":"","_et_gb_content_width":""},"product_cat":[20],"product_tag":[33],"yoast_head":"<!-- This site is optimized with the Yoast SEO plugin v23.5 - https:\/\/yoast.com\/wordpress\/plugins\/seo\/ -->\n<title>Les cabas du Tr\u00e8fle (x2) - la boutique en ligne de l&#039;association Le Tr\u00e8fle<\/title>\n<meta name=\"robots\" content=\"index, follow, max-snippet:-1, max-image-preview:large, max-video-preview:-1\" \/>\n<link rel=\"canonical\" href=\"https:\/\/shop.letrefle.ch\/en\/boutique\/cabas\/les-cabas-du-trefle\/\" \/>\n<meta property=\"og:locale\" content=\"en_US\" \/>\n<meta property=\"og:type\" content=\"article\" \/>\n<meta property=\"og:title\" content=\"Les cabas du Tr\u00e8fle (x2) - la boutique en ligne de l&#039;association Le Tr\u00e8fle\" \/>\n<meta property=\"og:description\" content=\"Composition du kit :   2 cabas personnalis\u00e9s Le Tr\u00e8fle  \u00c0 \u00e9changer lors de la livraison hebdomadaire\u00a0: Nous vous livrerons tout d&#039;abord votre premier cabas avec votre commande initiale. La semaine suivante, nous vous apporterons votre nouvelle commande dans le second cabas, afin de pouvoir r\u00e9cup\u00e9rer le premier !\" \/>\n<meta property=\"og:url\" content=\"https:\/\/shop.letrefle.ch\/en\/boutique\/cabas\/les-cabas-du-trefle\/\" \/>\n<meta property=\"og:site_name\" content=\"la boutique en ligne de l&#039;association Le Tr\u00e8fle\" \/>\n<meta property=\"article:modified_time\" content=\"2023-07-20T18:26:50+00:00\" \/>\n<meta property=\"og:image\" content=\"https:\/\/i0.wp.com\/shop.letrefle.ch\/wp-content\/uploads\/2021\/01\/cabas-letrefle.jpg?fit=1024%2C1024&ssl=1\" \/>\n\t<meta property=\"og:image:width\" content=\"1024\" \/>\n\t<meta property=\"og:image:height\" content=\"1024\" \/>\n\t<meta property=\"og:image:type\" content=\"image\/jpeg\" \/>\n<meta name=\"twitter:card\" content=\"summary_large_image\" \/>\n<script type=\"application\/ld+json\" class=\"yoast-schema-graph\">{\"@context\":\"https:\/\/schema.org\",\"@graph\":[{\"@type\":\"WebPage\",\"@id\":\"https:\/\/shop.letrefle.ch\/boutique\/cabas\/les-cabas-du-trefle\/\",\"url\":\"https:\/\/shop.letrefle.ch\/boutique\/cabas\/les-cabas-du-trefle\/\",\"name\":\"Les cabas du Tr\u00e8fle (x2) - la boutique en ligne de l&#039;association Le Tr\u00e8fle\",\"isPartOf\":{\"@id\":\"https:\/\/shop.letrefle.ch\/#website\"},\"primaryImageOfPage\":{\"@id\":\"https:\/\/shop.letrefle.ch\/boutique\/cabas\/les-cabas-du-trefle\/#primaryimage\"},\"image\":{\"@id\":\"https:\/\/shop.letrefle.ch\/boutique\/cabas\/les-cabas-du-trefle\/#primaryimage\"},\"thumbnailUrl\":\"https:\/\/i0.wp.com\/shop.letrefle.ch\/wp-content\/uploads\/2021\/01\/cabas-letrefle.jpg?fit=1024%2C1024&ssl=1\",\"datePublished\":\"2021-01-31T14:19:54+00:00\",\"dateModified\":\"2023-07-20T18:26:50+00:00\",\"breadcrumb\":{\"@id\":\"https:\/\/shop.letrefle.ch\/boutique\/cabas\/les-cabas-du-trefle\/#breadcrumb\"},\"inLanguage\":\"en-US\",\"potentialAction\":[{\"@type\":\"ReadAction\",\"target\":[\"https:\/\/shop.letrefle.ch\/boutique\/cabas\/les-cabas-du-trefle\/\"]}]},{\"@type\":\"ImageObject\",\"inLanguage\":\"en-US\",\"@id\":\"https:\/\/shop.letrefle.ch\/boutique\/cabas\/les-cabas-du-trefle\/#primaryimage\",\"url\":\"https:\/\/i0.wp.com\/shop.letrefle.ch\/wp-content\/uploads\/2021\/01\/cabas-letrefle.jpg?fit=1024%2C1024&ssl=1\",\"contentUrl\":\"https:\/\/i0.wp.com\/shop.letrefle.ch\/wp-content\/uploads\/2021\/01\/cabas-letrefle.jpg?fit=1024%2C1024&ssl=1\",\"width\":1024,\"height\":1024,\"caption\":\"Cabas Le Tr\u00e8fle\"},{\"@type\":\"BreadcrumbList\",\"@id\":\"https:\/\/shop.letrefle.ch\/boutique\/cabas\/les-cabas-du-trefle\/#breadcrumb\",\"itemListElement\":[{\"@type\":\"ListItem\",\"position\":1,\"name\":\"Home\",\"item\":\"https:\/\/shop.letrefle.ch\/en\/\"},{\"@type\":\"ListItem\",\"position\":2,\"name\":\"Boutique\",\"item\":\"https:\/\/shop.letrefle.ch\/boutique\/\"},{\"@type\":\"ListItem\",\"position\":3,\"name\":\"Les cabas du Tr\u00e8fle (x2)\"}]},{\"@type\":\"WebSite\",\"@id\":\"https:\/\/shop.letrefle.ch\/#website\",\"url\":\"https:\/\/shop.letrefle.ch\/\",\"name\":\"la boutique en ligne de l'association Le Tr\u00e8fle\",\"description\":\"Le lien entre les agriculteurs et vous\",\"publisher\":{\"@id\":\"https:\/\/shop.letrefle.ch\/#organization\"},\"potentialAction\":[{\"@type\":\"SearchAction\",\"target\":{\"@type\":\"EntryPoint\",\"urlTemplate\":\"https:\/\/shop.letrefle.ch\/?s={search_term_string}\"},\"query-input\":{\"@type\":\"PropertyValueSpecification\",\"valueRequired\":true,\"valueName\":\"search_term_string\"}}],\"inLanguage\":\"en-US\"},{\"@type\":\"Organization\",\"@id\":\"https:\/\/shop.letrefle.ch\/#organization\",\"name\":\"Association Le Tr\u00e8fle\",\"url\":\"https:\/\/shop.letrefle.ch\/\",\"logo\":{\"@type\":\"ImageObject\",\"inLanguage\":\"en-US\",\"@id\":\"https:\/\/shop.letrefle.ch\/#\/schema\/logo\/image\/\",\"url\":\"https:\/\/i0.wp.com\/shop.letrefle.ch\/wp-content\/uploads\/2020\/10\/logo-letrefle-color.png?fit=512%2C512&ssl=1\",\"contentUrl\":\"https:\/\/i0.wp.com\/shop.letrefle.ch\/wp-content\/uploads\/2020\/10\/logo-letrefle-color.png?fit=512%2C512&ssl=1\",\"width\":512,\"height\":512,\"caption\":\"Association Le Tr\u00e8fle\"},\"image\":{\"@id\":\"https:\/\/shop.letrefle.ch\/#\/schema\/logo\/image\/\"}}]}<\/script>\n<!-- \/ Yoast SEO plugin. -->","yoast_head_json":{"title":"Les cabas du Tr\u00e8fle (x2) - la boutique en ligne de l&#039;association Le Tr\u00e8fle","robots":{"index":"index","follow":"follow","max-snippet":"max-snippet:-1","max-image-preview":"max-image-preview:large","max-video-preview":"max-video-preview:-1"},"canonical":"https:\/\/shop.letrefle.ch\/en\/boutique\/cabas\/les-cabas-du-trefle\/","og_locale":"en_US","og_type":"article","og_title":"Les cabas du Tr\u00e8fle (x2) - la boutique en ligne de l&#039;association Le Tr\u00e8fle","og_description":"Composition du kit :   2 cabas personnalis\u00e9s Le Tr\u00e8fle  \u00c0 \u00e9changer lors de la livraison hebdomadaire\u00a0: Nous vous livrerons tout d'abord votre premier cabas avec votre commande initiale. La semaine suivante, nous vous apporterons votre nouvelle commande dans le second cabas, afin de pouvoir r\u00e9cup\u00e9rer le premier !","og_url":"https:\/\/shop.letrefle.ch\/en\/boutique\/cabas\/les-cabas-du-trefle\/","og_site_name":"la boutique en ligne de l&#039;association Le Tr\u00e8fle","article_modified_time":"2023-07-20T18:26:50+00:00","og_image":[{"width":1024,"height":1024,"url":"https:\/\/i0.wp.com\/shop.letrefle.ch\/wp-content\/uploads\/2021\/01\/cabas-letrefle.jpg?fit=1024%2C1024&ssl=1","type":"image\/jpeg"}],"twitter_card":"summary_large_image","schema":{"@context":"https:\/\/schema.org","@graph":[{"@type":"WebPage","@id":"https:\/\/shop.letrefle.ch\/boutique\/cabas\/les-cabas-du-trefle\/","url":"https:\/\/shop.letrefle.ch\/boutique\/cabas\/les-cabas-du-trefle\/","name":"Les cabas du Tr\u00e8fle (x2) - la boutique en ligne de l&#039;association Le Tr\u00e8fle","isPartOf":{"@id":"https:\/\/shop.letrefle.ch\/#website"},"primaryImageOfPage":{"@id":"https:\/\/shop.letrefle.ch\/boutique\/cabas\/les-cabas-du-trefle\/#primaryimage"},"image":{"@id":"https:\/\/shop.letrefle.ch\/boutique\/cabas\/les-cabas-du-trefle\/#primaryimage"},"thumbnailUrl":"https:\/\/i0.wp.com\/shop.letrefle.ch\/wp-content\/uploads\/2021\/01\/cabas-letrefle.jpg?fit=1024%2C1024&ssl=1","datePublished":"2021-01-31T14:19:54+00:00","dateModified":"2023-07-20T18:26:50+00:00","breadcrumb":{"@id":"https:\/\/shop.letrefle.ch\/boutique\/cabas\/les-cabas-du-trefle\/#breadcrumb"},"inLanguage":"en-US","potentialAction":[{"@type":"ReadAction","target":["https:\/\/shop.letrefle.ch\/boutique\/cabas\/les-cabas-du-trefle\/"]}]},{"@type":"ImageObject","inLanguage":"en-US","@id":"https:\/\/shop.letrefle.ch\/boutique\/cabas\/les-cabas-du-trefle\/#primaryimage","url":"https:\/\/i0.wp.com\/shop.letrefle.ch\/wp-content\/uploads\/2021\/01\/cabas-letrefle.jpg?fit=1024%2C1024&ssl=1","contentUrl":"https:\/\/i0.wp.com\/shop.letrefle.ch\/wp-content\/uploads\/2021\/01\/cabas-letrefle.jpg?fit=1024%2C1024&ssl=1","width":1024,"height":1024,"caption":"Cabas Le Tr\u00e8fle"},{"@type":"BreadcrumbList","@id":"https:\/\/shop.letrefle.ch\/boutique\/cabas\/les-cabas-du-trefle\/#breadcrumb","itemListElement":[{"@type":"ListItem","position":1,"name":"Home","item":"https:\/\/shop.letrefle.ch\/en\/"},{"@type":"ListItem","position":2,"name":"Boutique","item":"https:\/\/shop.letrefle.ch\/boutique\/"},{"@type":"ListItem","position":3,"name":"Les cabas du Tr\u00e8fle (x2)"}]},{"@type":"WebSite","@id":"https:\/\/shop.letrefle.ch\/#website","url":"https:\/\/shop.letrefle.ch\/","name":"la boutique en ligne de l'association Le Tr\u00e8fle","description":"Le lien entre les agriculteurs et vous","publisher":{"@id":"https:\/\/shop.letrefle.ch\/#organization"},"potentialAction":[{"@type":"SearchAction","target":{"@type":"EntryPoint","urlTemplate":"https:\/\/shop.letrefle.ch\/?s={search_term_string}"},"query-input":{"@type":"PropertyValueSpecification","valueRequired":true,"valueName":"search_term_string"}}],"inLanguage":"en-US"},{"@type":"Organization","@id":"https:\/\/shop.letrefle.ch\/#organization","name":"Association Le Tr\u00e8fle","url":"https:\/\/shop.letrefle.ch\/","logo":{"@type":"ImageObject","inLanguage":"en-US","@id":"https:\/\/shop.letrefle.ch\/#\/schema\/logo\/image\/","url":"https:\/\/i0.wp.com\/shop.letrefle.ch\/wp-content\/uploads\/2020\/10\/logo-letrefle-color.png?fit=512%2C512&ssl=1","contentUrl":"https:\/\/i0.wp.com\/shop.letrefle.ch\/wp-content\/uploads\/2020\/10\/logo-letrefle-color.png?fit=512%2C512&ssl=1","width":512,"height":512,"caption":"Association Le Tr\u00e8fle"},"image":{"@id":"https:\/\/shop.letrefle.ch\/#\/schema\/logo\/image\/"}}]}},"_links":{"self":[{"href":"https:\/\/shop.letrefle.ch\/en\/wp-json\/wp\/v2\/product\/34715"}],"collection":[{"href":"https:\/\/shop.letrefle.ch\/en\/wp-json\/wp\/v2\/product"}],"about":[{"href":"https:\/\/shop.letrefle.ch\/en\/wp-json\/wp\/v2\/types\/product"}],"replies":[{"embeddable":true,"href":"https:\/\/shop.letrefle.ch\/en\/wp-json\/wp\/v2\/comments?post=34715"}],"wp:featuredmedia":[{"embeddable":true,"href":"https:\/\/shop.letrefle.ch\/en\/wp-json\/wp\/v2\/media\/34722"}],"wp:attachment":[{"href":"https:\/\/shop.letrefle.ch\/en\/wp-json\/wp\/v2\/media?parent=34715"}],"wp:term":[{"taxonomy":"product_cat","embeddable":true,"href":"https:\/\/shop.letrefle.ch\/en\/wp-json\/wp\/v2\/product_cat?post=34715"},{"taxonomy":"product_tag","embeddable":true,"href":"https:\/\/shop.letrefle.ch\/en\/wp-json\/wp\/v2\/product_tag?post=34715"}],"curies":[{"name":"wp","href":"https:\/\/api.w.org\/{rel}","templated":true}]}}