{"version":"1.0","provider_name":"la boutique en ligne de l&#039;association Le Tr\u00e8fle","provider_url":"https:\/\/shop.letrefle.ch\/en","author_name":"Cl\u00e9ment Coub\u00e8s","author_url":"https:\/\/shop.letrefle.ch\/en\/author\/clementcoubes\/","title":"Les cabas du Tr\u00e8fle (x2) - la boutique en ligne de l&#039;association Le Tr\u00e8fle","type":"rich","width":600,"height":338,"html":"<blockquote class=\"wp-embedded-content\" data-secret=\"hW3tlJczTf\"><a href=\"https:\/\/shop.letrefle.ch\/en\/boutique\/cabas\/les-cabas-du-trefle\/\">Les cabas du Tr\u00e8fle (x2)<\/a><\/blockquote><iframe sandbox=\"allow-scripts\" security=\"restricted\" src=\"https:\/\/shop.letrefle.ch\/en\/boutique\/cabas\/les-cabas-du-trefle\/embed\/#?secret=hW3tlJczTf\" width=\"600\" height=\"338\" title=\"&#8220;Les cabas du Tr\u00e8fle (x2)&#8221; &#8212; la boutique en ligne de l&#039;association Le Tr\u00e8fle\" data-secret=\"hW3tlJczTf\" frameborder=\"0\" marginwidth=\"0\" marginheight=\"0\" scrolling=\"no\" class=\"wp-embedded-content\"><\/iframe><script type=\"text\/javascript\">\n\/* <![CDATA[ *\/\n\/*! This file is auto-generated *\/\n!function(d,l){\"use strict\";l.querySelector&&d.addEventListener&&\"undefined\"!=typeof URL&&(d.wp=d.wp||{},d.wp.receiveEmbedMessage||(d.wp.receiveEmbedMessage=function(e){var t=e.data;if((t||t.secret||t.message||t.value)&&!\/[^a-zA-Z0-9]\/.test(t.secret)){for(var s,r,n,a=l.querySelectorAll('iframe[data-secret=\"'+t.secret+'\"]'),o=l.querySelectorAll('blockquote[data-secret=\"'+t.secret+'\"]'),c=new RegExp(\"^https?:$\",\"i\"),i=0;i<o.length;i++)o[i].style.display=\"none\";for(i=0;i<a.length;i++)s=a[i],e.source===s.contentWindow&&(s.removeAttribute(\"style\"),\"height\"===t.message?(1e3<(r=parseInt(t.value,10))?r=1e3:~~r<200&&(r=200),s.height=r):\"link\"===t.message&&(r=new URL(s.getAttribute(\"src\")),n=new URL(t.value),c.test(n.protocol))&&n.host===r.host&&l.activeElement===s&&(d.top.location.href=t.value))}},d.addEventListener(\"message\",d.wp.receiveEmbedMessage,!1),l.addEventListener(\"DOMContentLoaded\",function(){for(var e,t,s=l.querySelectorAll(\"iframe.wp-embedded-content\"),r=0;r<s.length;r++)(t=(e=s[r]).getAttribute(\"data-secret\"))||(t=Math.random().toString(36).substring(2,12),e.src+=\"#?secret=\"+t,e.setAttribute(\"data-secret\",t)),e.contentWindow.postMessage({message:\"ready\",secret:t},\"*\")},!1)))}(window,document);\n\/* ]]> *\/\n<\/script>","thumbnail_url":"https:\/\/i0.wp.com\/shop.letrefle.ch\/wp-content\/uploads\/2021\/01\/cabas-letrefle.jpg?fit=1024%2C1024&ssl=1","thumbnail_width":1024,"thumbnail_height":1024,"description":"Composition du kit :   2 cabas personnalis\u00e9s Le Tr\u00e8fle  \u00c0 \u00e9changer lors de la livraison hebdomadaire\u00a0: Nous vous livrerons tout d'abord votre premier cabas avec votre commande initiale. La semaine suivante, nous vous apporterons votre nouvelle commande dans le second cabas, afin de pouvoir r\u00e9cup\u00e9rer le premier !"}